{"id":1069,"date":"2019-12-14T23:38:17","date_gmt":"2019-12-14T22:38:17","guid":{"rendered":"http:\/\/edafoeduca.es\/?page_id=1069"},"modified":"2020-02-20T17:09:21","modified_gmt":"2020-02-20T16:09:21","slug":"celebracion-dia-mundial-del-suelo-2019","status":"publish","type":"page","link":"https:\/\/edafoeduca.es\/index.php\/celebracion-dia-mundial-del-suelo-2019\/","title":{"rendered":"Celebraci\u00f3n D\u00eda Mundial del Suelo (Diciembre 2019)"},"content":{"rendered":"<p>La Secci\u00f3n de Ense\u00f1anza del Suelo y Seguridad P\u00fablica de la SECS ha organizado junto a la ETSIAMN-UPV una exposici\u00f3n en el Hall de la ETSIAMN para dar a conocer las funciones del suelo as\u00ed como sus procesos degradativos, con especial hincapi\u00e9 en la erosi\u00f3n del suelo. En la exposici\u00f3n se pod\u00edan ver las fotos del concurso fotogr\u00e1fico \u00abDetengamos la erosi\u00f3n del suelo\u00bb, as\u00ed como los dibujos del concuros escolar \u00abDesaf\u00edo: detener la erosi\u00f3n del suelo\u00bb. Tambi\u00e9n lo hemos celebrado con la conferencia \u00abM\u00e9todos para la medici\u00f3n de la erosi\u00f3n del suelo\u00bb impartida por el catedr\u00e1tico de Geograf\u00eda F\u00edsica Adolfo Calvo-Cases.<\/p>\n<p><img decoding=\"async\" loading=\"lazy\" class=\"aligncenter size-large wp-image-1076\" src=\"http:\/\/edafoeduca.es\/wp-content\/uploads\/2019\/12\/Cartel-Conferencia-Suelo_def-768x1024.jpg\" alt=\"\" width=\"640\" height=\"853\" srcset=\"https:\/\/edafoeduca.es\/wp-content\/uploads\/2019\/12\/Cartel-Conferencia-Suelo_def-768x1024.jpg 768w, https:\/\/edafoeduca.es\/wp-content\/uploads\/2019\/12\/Cartel-Conferencia-Suelo_def-225x300.jpg 225w, https:\/\/edafoeduca.es\/wp-content\/uploads\/2019\/12\/Cartel-Conferencia-Suelo_def.jpg 1008w\" sizes=\"(max-width: 640px) 100vw, 640px\" \/><\/p>\n<p><img decoding=\"async\" loading=\"lazy\" class=\"aligncenter size-large wp-image-1073\" src=\"http:\/\/edafoeduca.es\/wp-content\/uploads\/2019\/12\/20191212_123549-1024x768.jpg\" alt=\"\" width=\"640\" height=\"480\" srcset=\"https:\/\/edafoeduca.es\/wp-content\/uploads\/2019\/12\/20191212_123549-1024x768.jpg 1024w, https:\/\/edafoeduca.es\/wp-content\/uploads\/2019\/12\/20191212_123549-300x225.jpg 300w, https:\/\/edafoeduca.es\/wp-content\/uploads\/2019\/12\/20191212_123549-768x576.jpg 768w, https:\/\/edafoeduca.es\/wp-content\/uploads\/2019\/12\/20191212_123549-1536x1152.jpg 1536w, https:\/\/edafoeduca.es\/wp-content\/uploads\/2019\/12\/20191212_123549-2048x1536.jpg 2048w\" sizes=\"(max-width: 640px) 100vw, 640px\" \/><\/p>\n<p><\/p>\n<div class=\"gca-column one-half first\"><img decoding=\"async\" loading=\"lazy\" class=\"aligncenter size-large wp-image-1079\" src=\"http:\/\/edafoeduca.es\/wp-content\/uploads\/2019\/12\/20191212_123646-1024x768.jpg\" alt=\"\" width=\"640\" height=\"480\" srcset=\"https:\/\/edafoeduca.es\/wp-content\/uploads\/2019\/12\/20191212_123646-1024x768.jpg 1024w, https:\/\/edafoeduca.es\/wp-content\/uploads\/2019\/12\/20191212_123646-300x225.jpg 300w, https:\/\/edafoeduca.es\/wp-content\/uploads\/2019\/12\/20191212_123646-768x576.jpg 768w, https:\/\/edafoeduca.es\/wp-content\/uploads\/2019\/12\/20191212_123646-1536x1152.jpg 1536w, https:\/\/edafoeduca.es\/wp-content\/uploads\/2019\/12\/20191212_123646-2048x1536.jpg 2048w\" sizes=\"(max-width: 640px) 100vw, 640px\" \/><\/div><br><div class=\"gca-column one-half\"><img decoding=\"async\" loading=\"lazy\" class=\"aligncenter size-large wp-image-1078\" src=\"http:\/\/edafoeduca.es\/wp-content\/uploads\/2019\/12\/20191212_133337-1024x768.jpg\" alt=\"\" width=\"640\" height=\"480\" srcset=\"https:\/\/edafoeduca.es\/wp-content\/uploads\/2019\/12\/20191212_133337-1024x768.jpg 1024w, https:\/\/edafoeduca.es\/wp-content\/uploads\/2019\/12\/20191212_133337-300x225.jpg 300w, https:\/\/edafoeduca.es\/wp-content\/uploads\/2019\/12\/20191212_133337-768x576.jpg 768w, https:\/\/edafoeduca.es\/wp-content\/uploads\/2019\/12\/20191212_133337-1536x1152.jpg 1536w, https:\/\/edafoeduca.es\/wp-content\/uploads\/2019\/12\/20191212_133337-2048x1536.jpg 2048w\" sizes=\"(max-width: 640px) 100vw, 640px\" \/><\/div>\n<p><\/p>\n<h2><span style=\"color: #0000ff;\"><strong>Exposici\u00f3n informativa sobre el suelo y sus procesos degradativos<\/strong><\/span><\/h2>\n<p><img decoding=\"async\" loading=\"lazy\" class=\"aligncenter size-large wp-image-1086\" src=\"http:\/\/edafoeduca.es\/wp-content\/uploads\/2019\/12\/20191205_090545-scaled-e1576364429710-768x1024.jpg\" alt=\"\" width=\"640\" height=\"853\" srcset=\"https:\/\/edafoeduca.es\/wp-content\/uploads\/2019\/12\/20191205_090545-scaled-e1576364429710-768x1024.jpg 768w, https:\/\/edafoeduca.es\/wp-content\/uploads\/2019\/12\/20191205_090545-scaled-e1576364429710-225x300.jpg 225w, https:\/\/edafoeduca.es\/wp-content\/uploads\/2019\/12\/20191205_090545-scaled-e1576364429710-1152x1536.jpg 1152w, https:\/\/edafoeduca.es\/wp-content\/uploads\/2019\/12\/20191205_090545-scaled-e1576364429710-1536x2048.jpg 1536w, https:\/\/edafoeduca.es\/wp-content\/uploads\/2019\/12\/20191205_090545-scaled-e1576364429710.jpg 1920w\" sizes=\"(max-width: 640px) 100vw, 640px\" \/><\/p>\n<p><img decoding=\"async\" loading=\"lazy\" class=\"aligncenter size-large wp-image-1087\" src=\"http:\/\/edafoeduca.es\/wp-content\/uploads\/2019\/12\/20191129_180550-768x1024.jpg\" alt=\"\" width=\"640\" height=\"853\" srcset=\"https:\/\/edafoeduca.es\/wp-content\/uploads\/2019\/12\/20191129_180550-768x1024.jpg 768w, https:\/\/edafoeduca.es\/wp-content\/uploads\/2019\/12\/20191129_180550-225x300.jpg 225w, https:\/\/edafoeduca.es\/wp-content\/uploads\/2019\/12\/20191129_180550-1152x1536.jpg 1152w, https:\/\/edafoeduca.es\/wp-content\/uploads\/2019\/12\/20191129_180550-1536x2048.jpg 1536w, https:\/\/edafoeduca.es\/wp-content\/uploads\/2019\/12\/20191129_180550-scaled.jpg 1920w\" sizes=\"(max-width: 640px) 100vw, 640px\" \/><\/p>\n<p><img decoding=\"async\" loading=\"lazy\" class=\"aligncenter size-large wp-image-1082\" src=\"http:\/\/edafoeduca.es\/wp-content\/uploads\/2019\/12\/20191205_111738-scaled-e1576364317883-768x1024.jpg\" alt=\"\" width=\"640\" height=\"853\" srcset=\"https:\/\/edafoeduca.es\/wp-content\/uploads\/2019\/12\/20191205_111738-scaled-e1576364317883-768x1024.jpg 768w, https:\/\/edafoeduca.es\/wp-content\/uploads\/2019\/12\/20191205_111738-scaled-e1576364317883-225x300.jpg 225w, https:\/\/edafoeduca.es\/wp-content\/uploads\/2019\/12\/20191205_111738-scaled-e1576364317883-1152x1536.jpg 1152w, https:\/\/edafoeduca.es\/wp-content\/uploads\/2019\/12\/20191205_111738-scaled-e1576364317883-1536x2048.jpg 1536w, https:\/\/edafoeduca.es\/wp-content\/uploads\/2019\/12\/20191205_111738-scaled-e1576364317883.jpg 1920w\" sizes=\"(max-width: 640px) 100vw, 640px\" \/><\/p>\n<p><img decoding=\"async\" loading=\"lazy\" class=\"aligncenter size-large wp-image-1081\" src=\"http:\/\/edafoeduca.es\/wp-content\/uploads\/2019\/12\/20191205_110633-1024x768.jpg\" alt=\"\" width=\"640\" height=\"480\" srcset=\"https:\/\/edafoeduca.es\/wp-content\/uploads\/2019\/12\/20191205_110633-1024x768.jpg 1024w, https:\/\/edafoeduca.es\/wp-content\/uploads\/2019\/12\/20191205_110633-300x225.jpg 300w, https:\/\/edafoeduca.es\/wp-content\/uploads\/2019\/12\/20191205_110633-768x576.jpg 768w, https:\/\/edafoeduca.es\/wp-content\/uploads\/2019\/12\/20191205_110633-1536x1152.jpg 1536w, https:\/\/edafoeduca.es\/wp-content\/uploads\/2019\/12\/20191205_110633-2048x1536.jpg 2048w\" sizes=\"(max-width: 640px) 100vw, 640px\" \/><\/p>\n<p><img decoding=\"async\" loading=\"lazy\" class=\"aligncenter size-large wp-image-1083\" src=\"http:\/\/edafoeduca.es\/wp-content\/uploads\/2019\/12\/20191205_110720-1024x768.jpg\" alt=\"\" width=\"640\" height=\"480\" srcset=\"https:\/\/edafoeduca.es\/wp-content\/uploads\/2019\/12\/20191205_110720-1024x768.jpg 1024w, https:\/\/edafoeduca.es\/wp-content\/uploads\/2019\/12\/20191205_110720-300x225.jpg 300w, https:\/\/edafoeduca.es\/wp-content\/uploads\/2019\/12\/20191205_110720-768x576.jpg 768w, https:\/\/edafoeduca.es\/wp-content\/uploads\/2019\/12\/20191205_110720-1536x1152.jpg 1536w, https:\/\/edafoeduca.es\/wp-content\/uploads\/2019\/12\/20191205_110720-2048x1536.jpg 2048w\" sizes=\"(max-width: 640px) 100vw, 640px\" \/><br><img decoding=\"async\" loading=\"lazy\" class=\"aligncenter size-large wp-image-1089\" src=\"http:\/\/edafoeduca.es\/wp-content\/uploads\/2019\/12\/20191205_111756-scaled-e1576364625825-768x1024.jpg\" alt=\"\" width=\"640\" height=\"853\" srcset=\"https:\/\/edafoeduca.es\/wp-content\/uploads\/2019\/12\/20191205_111756-scaled-e1576364625825-768x1024.jpg 768w, https:\/\/edafoeduca.es\/wp-content\/uploads\/2019\/12\/20191205_111756-scaled-e1576364625825-225x300.jpg 225w, https:\/\/edafoeduca.es\/wp-content\/uploads\/2019\/12\/20191205_111756-scaled-e1576364625825-1152x1536.jpg 1152w, https:\/\/edafoeduca.es\/wp-content\/uploads\/2019\/12\/20191205_111756-scaled-e1576364625825-1536x2048.jpg 1536w, https:\/\/edafoeduca.es\/wp-content\/uploads\/2019\/12\/20191205_111756-scaled-e1576364625825.jpg 1920w\" sizes=\"(max-width: 640px) 100vw, 640px\" \/><\/p>\n<p><\/p>\n<p style=\"text-align: center;\"><img decoding=\"async\" loading=\"lazy\" class=\"aligncenter size-full wp-image-1090\" src=\"http:\/\/edafoeduca.es\/wp-content\/uploads\/2019\/12\/Dia-Mundial-Suelo-2019.jpg\" alt=\"\" width=\"541\" height=\"454\" srcset=\"https:\/\/edafoeduca.es\/wp-content\/uploads\/2019\/12\/Dia-Mundial-Suelo-2019.jpg 541w, https:\/\/edafoeduca.es\/wp-content\/uploads\/2019\/12\/Dia-Mundial-Suelo-2019-300x252.jpg 300w\" sizes=\"(max-width: 541px) 100vw, 541px\" \/><\/p>\n\n\n<p><\/p>\n","protected":false},"excerpt":{"rendered":"<p>La Secci\u00f3n de Ense\u00f1anza del Suelo y Seguridad P\u00fablica de la SECS ha organizado junto a la ETSIAMN-UPV una exposici\u00f3n en el Hall de la ETSIAMN para dar a conocer las funciones del suelo as\u00ed como sus procesos degradativos, con &hellip; <a href=\"https:\/\/edafoeduca.es\/index.php\/celebracion-dia-mundial-del-suelo-2019\/\">Sigue leyendo <span class=\"meta-nav\">&rarr;<\/span><\/a><\/p>\n","protected":false},"author":1,"featured_media":0,"parent":0,"menu_order":0,"comment_status":"closed","ping_status":"closed","template":"","meta":{"footnotes":""},"yoast_head":"<!-- This site is optimized with the Yoast SEO plugin v20.4 - https:\/\/yoast.com\/wordpress\/plugins\/seo\/ -->\n<title>Celebraci\u00f3n D\u00eda Mundial del Suelo (Diciembre 2019) - Ense\u00f1anza en la Ciencia del Suelo<\/title>\n<meta name=\"robots\" content=\"index, follow, max-snippet:-1, max-image-preview:large, max-video-preview:-1\" \/>\n<link rel=\"canonical\" href=\"https:\/\/edafoeduca.es\/index.php\/celebracion-dia-mundial-del-suelo-2019\/\" \/>\n<meta property=\"og:locale\" content=\"es_ES\" \/>\n<meta property=\"og:type\" content=\"article\" \/>\n<meta property=\"og:title\" content=\"Celebraci\u00f3n D\u00eda Mundial del Suelo (Diciembre 2019) - Ense\u00f1anza en la Ciencia del Suelo\" \/>\n<meta property=\"og:description\" content=\"La Secci\u00f3n de Ense\u00f1anza del Suelo y Seguridad P\u00fablica de la SECS ha organizado junto a la ETSIAMN-UPV una exposici\u00f3n en el Hall de la ETSIAMN para dar a conocer las funciones del suelo as\u00ed como sus procesos degradativos, con &hellip; Sigue leyendo &rarr;\" \/>\n<meta property=\"og:url\" content=\"https:\/\/edafoeduca.es\/index.php\/celebracion-dia-mundial-del-suelo-2019\/\" \/>\n<meta property=\"og:site_name\" content=\"Ense\u00f1anza en la Ciencia del Suelo\" \/>\n<meta property=\"article:modified_time\" content=\"2020-02-20T16:09:21+00:00\" \/>\n<meta property=\"og:image\" content=\"http:\/\/edafoeduca.es\/wp-content\/uploads\/2019\/12\/Cartel-Conferencia-Suelo_def-768x1024.jpg\" \/>\n<meta name=\"twitter:card\" content=\"summary_large_image\" \/>\n<meta name=\"twitter:label1\" content=\"Tiempo de lectura\" \/>\n\t<meta name=\"twitter:data1\" content=\"1 minuto\" \/>\n<script type=\"application\/ld+json\" class=\"yoast-schema-graph\">{\"@context\":\"https:\/\/schema.org\",\"@graph\":[{\"@type\":\"WebPage\",\"@id\":\"https:\/\/edafoeduca.es\/index.php\/celebracion-dia-mundial-del-suelo-2019\/\",\"url\":\"https:\/\/edafoeduca.es\/index.php\/celebracion-dia-mundial-del-suelo-2019\/\",\"name\":\"Celebraci\u00f3n D\u00eda Mundial del Suelo (Diciembre 2019) - Ense\u00f1anza en la Ciencia del Suelo\",\"isPartOf\":{\"@id\":\"https:\/\/edafoeduca.es\/#website\"},\"datePublished\":\"2019-12-14T22:38:17+00:00\",\"dateModified\":\"2020-02-20T16:09:21+00:00\",\"breadcrumb\":{\"@id\":\"https:\/\/edafoeduca.es\/index.php\/celebracion-dia-mundial-del-suelo-2019\/#breadcrumb\"},\"inLanguage\":\"es\",\"potentialAction\":[{\"@type\":\"ReadAction\",\"target\":[\"https:\/\/edafoeduca.es\/index.php\/celebracion-dia-mundial-del-suelo-2019\/\"]}]},{\"@type\":\"BreadcrumbList\",\"@id\":\"https:\/\/edafoeduca.es\/index.php\/celebracion-dia-mundial-del-suelo-2019\/#breadcrumb\",\"itemListElement\":[{\"@type\":\"ListItem\",\"position\":1,\"name\":\"Portada\",\"item\":\"https:\/\/edafoeduca.es\/\"},{\"@type\":\"ListItem\",\"position\":2,\"name\":\"Celebraci\u00f3n D\u00eda Mundial del Suelo (Diciembre 2019)\"}]},{\"@type\":\"WebSite\",\"@id\":\"https:\/\/edafoeduca.es\/#website\",\"url\":\"https:\/\/edafoeduca.es\/\",\"name\":\"Ense\u00f1anza en la Ciencia del Suelo\",\"description\":\"Edafoeduca_SECS\",\"potentialAction\":[{\"@type\":\"SearchAction\",\"target\":{\"@type\":\"EntryPoint\",\"urlTemplate\":\"https:\/\/edafoeduca.es\/?s={search_term_string}\"},\"query-input\":\"required name=search_term_string\"}],\"inLanguage\":\"es\"}]}<\/script>\n<!-- \/ Yoast SEO plugin. -->","yoast_head_json":{"title":"Celebraci\u00f3n D\u00eda Mundial del Suelo (Diciembre 2019) - Ense\u00f1anza en la Ciencia del Suelo","robots":{"index":"index","follow":"follow","max-snippet":"max-snippet:-1","max-image-preview":"max-image-preview:large","max-video-preview":"max-video-preview:-1"},"canonical":"https:\/\/edafoeduca.es\/index.php\/celebracion-dia-mundial-del-suelo-2019\/","og_locale":"es_ES","og_type":"article","og_title":"Celebraci\u00f3n D\u00eda Mundial del Suelo (Diciembre 2019) - Ense\u00f1anza en la Ciencia del Suelo","og_description":"La Secci\u00f3n de Ense\u00f1anza del Suelo y Seguridad P\u00fablica de la SECS ha organizado junto a la ETSIAMN-UPV una exposici\u00f3n en el Hall de la ETSIAMN para dar a conocer las funciones del suelo as\u00ed como sus procesos degradativos, con &hellip; Sigue leyendo &rarr;","og_url":"https:\/\/edafoeduca.es\/index.php\/celebracion-dia-mundial-del-suelo-2019\/","og_site_name":"Ense\u00f1anza en la Ciencia del Suelo","article_modified_time":"2020-02-20T16:09:21+00:00","og_image":[{"url":"http:\/\/edafoeduca.es\/wp-content\/uploads\/2019\/12\/Cartel-Conferencia-Suelo_def-768x1024.jpg"}],"twitter_card":"summary_large_image","twitter_misc":{"Tiempo de lectura":"1 minuto"},"schema":{"@context":"https:\/\/schema.org","@graph":[{"@type":"WebPage","@id":"https:\/\/edafoeduca.es\/index.php\/celebracion-dia-mundial-del-suelo-2019\/","url":"https:\/\/edafoeduca.es\/index.php\/celebracion-dia-mundial-del-suelo-2019\/","name":"Celebraci\u00f3n D\u00eda Mundial del Suelo (Diciembre 2019) - Ense\u00f1anza en la Ciencia del Suelo","isPartOf":{"@id":"https:\/\/edafoeduca.es\/#website"},"datePublished":"2019-12-14T22:38:17+00:00","dateModified":"2020-02-20T16:09:21+00:00","breadcrumb":{"@id":"https:\/\/edafoeduca.es\/index.php\/celebracion-dia-mundial-del-suelo-2019\/#breadcrumb"},"inLanguage":"es","potentialAction":[{"@type":"ReadAction","target":["https:\/\/edafoeduca.es\/index.php\/celebracion-dia-mundial-del-suelo-2019\/"]}]},{"@type":"BreadcrumbList","@id":"https:\/\/edafoeduca.es\/index.php\/celebracion-dia-mundial-del-suelo-2019\/#breadcrumb","itemListElement":[{"@type":"ListItem","position":1,"name":"Portada","item":"https:\/\/edafoeduca.es\/"},{"@type":"ListItem","position":2,"name":"Celebraci\u00f3n D\u00eda Mundial del Suelo (Diciembre 2019)"}]},{"@type":"WebSite","@id":"https:\/\/edafoeduca.es\/#website","url":"https:\/\/edafoeduca.es\/","name":"Ense\u00f1anza en la Ciencia del Suelo","description":"Edafoeduca_SECS","potentialAction":[{"@type":"SearchAction","target":{"@type":"EntryPoint","urlTemplate":"https:\/\/edafoeduca.es\/?s={search_term_string}"},"query-input":"required name=search_term_string"}],"inLanguage":"es"}]}},"_links":{"self":[{"href":"https:\/\/edafoeduca.es\/index.php\/wp-json\/wp\/v2\/pages\/1069"}],"collection":[{"href":"https:\/\/edafoeduca.es\/index.php\/wp-json\/wp\/v2\/pages"}],"about":[{"href":"https:\/\/edafoeduca.es\/index.php\/wp-json\/wp\/v2\/types\/page"}],"author":[{"embeddable":true,"href":"https:\/\/edafoeduca.es\/index.php\/wp-json\/wp\/v2\/users\/1"}],"replies":[{"embeddable":true,"href":"https:\/\/edafoeduca.es\/index.php\/wp-json\/wp\/v2\/comments?post=1069"}],"version-history":[{"count":7,"href":"https:\/\/edafoeduca.es\/index.php\/wp-json\/wp\/v2\/pages\/1069\/revisions"}],"predecessor-version":[{"id":1135,"href":"https:\/\/edafoeduca.es\/index.php\/wp-json\/wp\/v2\/pages\/1069\/revisions\/1135"}],"wp:attachment":[{"href":"https:\/\/edafoeduca.es\/index.php\/wp-json\/wp\/v2\/media?parent=1069"}],"curies":[{"name":"wp","href":"https:\/\/api.w.org\/{rel}","templated":true}]}}